{"id":9914,"date":"2023-03-28T10:31:31","date_gmt":"2023-03-28T10:31:31","guid":{"rendered":"https:\/\/mbp.szczecin.pl\/?post_type=wydarzenia_01&#038;p=9914"},"modified":"2023-08-31T07:16:50","modified_gmt":"2023-08-31T07:16:50","slug":"dzieci-i-dziecinstwo-na-pomorzu-w-sredniowieczu-pomerania-incognita","status":"publish","type":"wydarzenia_01","link":"https:\/\/mbp.szczecin.pl\/wydarzenia_01\/dzieci-i-dziecinstwo-na-pomorzu-w-sredniowieczu-pomerania-incognita\/","title":{"rendered":"Dzieci i dzieci\u0144stwo na Pomorzu w \u015bredniowieczu [Pomerania incognita]"},"content":{"rendered":"\n<blockquote class=\"wp-block-quote\"><p><strong>27 wrze\u015bnia<\/strong> (\u015br.) powracamy z cyklem wyk\u0142ad\u00f3w historyczno-archeologicznych [Pomerania incognita. Spotkania z pomorsk\u0105 przesz\u0142o\u015bci\u0105]. <\/p><\/blockquote>\n\n\n\n<p>Jako pierwsza zaprezentuje temat dr <strong>Paulina Romanowicz<\/strong>. <br>Zapraszamy na godz. <strong>18:00<\/strong> do filii nr 7 (pl. Matki Teresy z Kalkuty 8).<\/p>\n\n\n\n<p>Dzieci i ryby g\u0142osu nie maj\u0105, jako rzecze stare powiedzenie. I faktycznie o dzieciach w minionych epokach m\u00f3wi si\u0119 niewiele albo do\u015b\u0107 ogl\u0119dnie. Zapraszamy na wyk\u0142ad, na kt\u00f3rym najm\u0142odszym tw\u00f3rcom kultury i spo\u0142eczno\u015bci ludzi \u015bredniowiecza zostan\u0105 oddane pierwsze skrzypce. Jak wygl\u0105da\u0142o \u017cycie dzieci, czym si\u0119 zajmowa\u0142y, czym si\u0119 bawi\u0142y \u2014 na te pytania odpowie dr Paulina Romanowicz z Instytutu Archeologii i Etnologii PAN.<\/p>\n\n\n\n<p>Paulina Romanowicz,<br>adiunkt w Instytucie Archeologii i Etnologii Polskiej Akademii Nauk w Szczecinie, autorka ksi\u0105\u017cki &#8222;Zabawa w \u015bredniowiecznym mie\u015bcie&#8221;. Pasjonatka lokalnej historii i dziedzictwa kulturowego. Autorka bloga stolczyn.com, na kt\u00f3rym opowiada o historii swojej Ma\u0142ej Ojczyzny.<\/p>\n\n\n\n<p>Partnerami wydarzenia oraz cyklu s\u0105:<br>Fundacja \u015acie\u017ckami Pomorza<br>Instytut Historyczny Uniwersytetu Szczeci\u0144skiego<br>Instytut Archeologii i Etnologii PAN<br>IAE PAN O\u015brodek Archeologii \u015aredniowiecza Kraj\u00f3w Nadba\u0142tyckich w Szczecinie<\/p>\n\n\n\n<p><\/p>\n","protected":false},"excerpt":{"rendered":"<div class=\"entry-summary\">\n27 wrze\u015bnia (\u015br.) powracamy z cyklem wyk\u0142ad\u00f3w historyczno-archeologicznych . Jako pierwsza zaprezentuje temat dr Paulina Romanowicz. Zapraszamy na godz. 18:00 do filii nr 7 (pl. Matki Teresy z Kalkuty 8). Dzieci i ryby g\u0142osu nie&hellip;\n<\/div>\n","protected":false},"featured_media":11472,"template":"","kategoria":[],"nr-filii-001":[176],"_links":{"self":[{"href":"https:\/\/mbp.szczecin.pl\/wp-json\/wp\/v2\/wydarzenia_01\/9914"}],"collection":[{"href":"https:\/\/mbp.szczecin.pl\/wp-json\/wp\/v2\/wydarzenia_01"}],"about":[{"href":"https:\/\/mbp.szczecin.pl\/wp-json\/wp\/v2\/types\/wydarzenia_01"}],"version-history":[{"count":4,"href":"https:\/\/mbp.szczecin.pl\/wp-json\/wp\/v2\/wydarzenia_01\/9914\/revisions"}],"predecessor-version":[{"id":11473,"href":"https:\/\/mbp.szczecin.pl\/wp-json\/wp\/v2\/wydarzenia_01\/9914\/revisions\/11473"}],"wp:featuredmedia":[{"embeddable":true,"href":"https:\/\/mbp.szczecin.pl\/wp-json\/wp\/v2\/media\/11472"}],"wp:attachment":[{"href":"https:\/\/mbp.szczecin.pl\/wp-json\/wp\/v2\/media?parent=9914"}],"wp:term":[{"taxonomy":"kategoria","embeddable":true,"href":"https:\/\/mbp.szczecin.pl\/wp-json\/wp\/v2\/kategoria?post=9914"},{"taxonomy":"nr-filii-001","embeddable":true,"href":"https:\/\/mbp.szczecin.pl\/wp-json\/wp\/v2\/nr-filii-001?post=9914"}],"curies":[{"name":"wp","href":"https:\/\/api.w.org\/{rel}","templated":true}]}}