{"id":9908,"date":"2023-03-28T10:26:33","date_gmt":"2023-03-28T10:26:33","guid":{"rendered":"https:\/\/mbp.szczecin.pl\/?post_type=wydarzenia_01&#038;p=9908"},"modified":"2023-03-28T10:26:34","modified_gmt":"2023-03-28T10:26:34","slug":"gory-medytacja-w-ruchu-spotkanie-z-piotrem-wnukiem-kolory-kultury","status":"publish","type":"wydarzenia_01","link":"https:\/\/mbp.szczecin.pl\/wydarzenia_01\/gory-medytacja-w-ruchu-spotkanie-z-piotrem-wnukiem-kolory-kultury\/","title":{"rendered":"G\u00f3ry &#8211; medytacja w ruchu. Spotkanie z Piotrem Wnukiem [Kolory kultury]"},"content":{"rendered":"\n<blockquote class=\"wp-block-quote\"><p><strong>24 kwietnia (poniedzia\u0142ek)<\/strong> o godz. 18:00 w ProMediach (al. Wojska Polskiego 2) w [Kolorach kultury] przywitamy Piotra Wnuka &#8211; pasjonata podr\u00f3\u017cy i poznawania \u015bwiata.<\/p><\/blockquote>\n\n\n\n<p>Spotkanie w ramach projektu &#8222;Zobacz i us\u0142ysz kultur\u0119&#8221; b\u0119dzie t\u0142umaczone na j\u0119zyk migowy. Wst\u0119p oczywi\u015bcie wolny.<\/p>\n\n\n\n<p>Nasz go\u015b\u0107 zaprasza Was osobi\u015bcie:<br>\u201cWyja\u015bni\u0119, za co kocham g\u00f3ry. Opowiem tak\u017ce o Majorce, ale nie o kurortach, tylko o trekkingu z po\u0142udnia na p\u00f3\u0142noc wyspy przez g\u00f3ry Serra de Tramuntana szlakiem GR 221 Ruta de Pedra. B\u0119dzie mowa o wspania\u0142ych g\u00f3rach, zatokach wci\u015bni\u0119tych w nabrze\u017ce, gajach pomara\u0144czowych, drzewach truskawkowych oraz o urokliwych g\u00f3rskich miasteczkach. B\u0119dzie te\u017c o drewnianym poci\u0105gu \u201eorange train\u201d i miasteczku Lluc, w kt\u00f3rym zaobserwowa\u0107 mo\u017cna spadaj\u0105ce gwiazdy. Wyja\u015bni\u0119 r\u00f3wnie\u017c, dlaczego polski kompozytor i pianista \u2013 Fryderyk Chopin \u2013 tak uwielbia\u0142 t\u0119 najwi\u0119ksz\u0105 wysp\u0119 Balear\u00f3w.<\/p>\n\n\n\n<p><\/p>\n\n\n\n<figure class=\"wp-block-image size-large is-resized\"><img loading=\"lazy\" src=\"https:\/\/mbp.szczecin.pl\/wp-content\/uploads\/2023\/03\/wnuk_www01-1024x768.jpg\" alt=\"\" class=\"wp-image-9909\" width=\"638\" height=\"479\" srcset=\"https:\/\/mbp.szczecin.pl\/wp-content\/uploads\/2023\/03\/wnuk_www01-1024x768.jpg 1024w, https:\/\/mbp.szczecin.pl\/wp-content\/uploads\/2023\/03\/wnuk_www01-300x225.jpg 300w, https:\/\/mbp.szczecin.pl\/wp-content\/uploads\/2023\/03\/wnuk_www01-768x576.jpg 768w, https:\/\/mbp.szczecin.pl\/wp-content\/uploads\/2023\/03\/wnuk_www01.jpg 1032w\" sizes=\"(max-width: 638px) 100vw, 638px\" \/><\/figure>\n\n\n\n<p><\/p>\n\n\n\n<p>Wspomn\u0119 te\u017c o trekkingu z plecakiem na przepi\u0119knej wyspie kanaryjskiej La Palma, jeszcze nie tak bardzo odkrytej i popularnej. Wspomn\u0119 o nocy sp\u0119dzonej na najwy\u017cszym szczycie wyspy \u2013 Roque de los Muchachos. Opowiem o zjawiskowej kalderze de Taburiente i wspania\u0142ych lasach wawrzynowych znajduj\u0105cych si\u0119 w Los Tilos. Poka\u017c\u0119 te\u017c nadzwyczajn\u0105 r\u00f3\u017cnorodno\u015b\u0107 bujnej, endemicznej przyrody La Palmy nazywanej \u201eLa Isla Verde\u201d, czyli: Zielona Wyspa.<\/p>\n\n\n\n<p>Powiem r\u00f3wnie\u017c o nies\u0142ychanej go\u015bcinno\u015bci Ira\u0144czyk\u00f3w, wspomn\u0119 te\u017c o niezwykle skomplikowanej formule grzeczno\u015bciowej Ta\u2019arof. Jest ona praktykowana przez wielu Pers\u00f3w i cz\u0119sto b\u0142\u0119dnie interpretowana przez osoby z zewn\u0105trz. Opowiem tak\u017ce, jak samotnie wszed\u0142em na najwy\u017cszy szczyt Iranu \u2013 Demawend (5609 metr\u00f3w).<br>B\u0119dzie te\u017c o Biesach, Beskidach, Tatrach oraz Karkonoszach, kt\u00f3re odwiedzam co miesi\u0105c.<br>A na sam koniec mojej g\u00f3rskiej opowie\u015bci wyja\u015bni\u0119, czy aby na pewno Mont Blanc, na kt\u00f3rego szczycie stan\u0105\u0142em w 2016 roku, jest zawsze bia\u0142y?<br>Powiem te\u017c, czy warto by\u0107 na wierzcho\u0142ku Pico del Teide o brzasku? No i wyklaruj\u0119, czym dla mnie jest ta medytacja w ruchu.\u201d<\/p>\n\n\n\n<p><\/p>\n\n\n\n<figure class=\"wp-block-image size-large is-resized\"><img loading=\"lazy\" src=\"https:\/\/mbp.szczecin.pl\/wp-content\/uploads\/2023\/03\/wnuk_www02-1024x768.jpg\" alt=\"\" class=\"wp-image-9910\" width=\"621\" height=\"466\" srcset=\"https:\/\/mbp.szczecin.pl\/wp-content\/uploads\/2023\/03\/wnuk_www02-1024x768.jpg 1024w, https:\/\/mbp.szczecin.pl\/wp-content\/uploads\/2023\/03\/wnuk_www02-300x225.jpg 300w, https:\/\/mbp.szczecin.pl\/wp-content\/uploads\/2023\/03\/wnuk_www02-768x576.jpg 768w, https:\/\/mbp.szczecin.pl\/wp-content\/uploads\/2023\/03\/wnuk_www02.jpg 1032w\" sizes=\"(max-width: 621px) 100vw, 621px\" \/><\/figure>\n\n\n\n<p><\/p>\n\n\n\n<p><strong>Piotr Wnuk<\/strong> \u2013 pasjonat podr\u00f3\u017cy przemierzaj\u0105cy \u015bwiat autostopem, lokalnym transportem, motorem, rowerem lub na piechot\u0119. Do tej pory odwiedzi\u0142 40 kraj\u00f3w (m.in. Laos, Birm\u0119, Kambod\u017c\u0119, Wietnam, Tajlandi\u0119, Japoni\u0119, Iran, Liban, Maroko, Now\u0105 Zelandi\u0119, Norwegi\u0119, Ba\u0142kany). Szuka miejsc, w kt\u00f3rych mo\u017cna uzyska\u0107 wiedz\u0119 o kulturze odwiedzanego kraju oraz jego historii. Pr\u00f3buje pozna\u0107 i zrozumie\u0107 otaczaj\u0105cy go \u015bwiat.<\/p>\n\n\n\n<p><\/p>\n\n\n\n<figure class=\"wp-block-image\"><img src=\"https:\/\/mbp.szczecin.pl\/wp-content\/uploads\/2023\/03\/ZiUK_planszaHD-1024x576.jpg\" alt=\"\"\/><\/figure>\n","protected":false},"excerpt":{"rendered":"<div class=\"entry-summary\">\n24 kwietnia (poniedzia\u0142ek) o godz. 18:00 w ProMediach (al. Wojska Polskiego 2) w  przywitamy Piotra Wnuka &#8211; pasjonata podr\u00f3\u017cy i poznawania \u015bwiata. Spotkanie w ramach projektu &#8222;Zobacz i us\u0142ysz kultur\u0119&#8221; b\u0119dzie t\u0142umaczone na j\u0119zyk migowy. Wst\u0119p oczywi\u015bcie wolny.&hellip;\n<\/div>\n","protected":false},"featured_media":9911,"template":"","kategoria":[],"nr-filii-001":[178],"_links":{"self":[{"href":"https:\/\/mbp.szczecin.pl\/wp-json\/wp\/v2\/wydarzenia_01\/9908"}],"collection":[{"href":"https:\/\/mbp.szczecin.pl\/wp-json\/wp\/v2\/wydarzenia_01"}],"about":[{"href":"https:\/\/mbp.szczecin.pl\/wp-json\/wp\/v2\/types\/wydarzenia_01"}],"version-history":[{"count":2,"href":"https:\/\/mbp.szczecin.pl\/wp-json\/wp\/v2\/wydarzenia_01\/9908\/revisions"}],"predecessor-version":[{"id":9913,"href":"https:\/\/mbp.szczecin.pl\/wp-json\/wp\/v2\/wydarzenia_01\/9908\/revisions\/9913"}],"wp:featuredmedia":[{"embeddable":true,"href":"https:\/\/mbp.szczecin.pl\/wp-json\/wp\/v2\/media\/9911"}],"wp:attachment":[{"href":"https:\/\/mbp.szczecin.pl\/wp-json\/wp\/v2\/media?parent=9908"}],"wp:term":[{"taxonomy":"kategoria","embeddable":true,"href":"https:\/\/mbp.szczecin.pl\/wp-json\/wp\/v2\/kategoria?post=9908"},{"taxonomy":"nr-filii-001","embeddable":true,"href":"https:\/\/mbp.szczecin.pl\/wp-json\/wp\/v2\/nr-filii-001?post=9908"}],"curies":[{"name":"wp","href":"https:\/\/api.w.org\/{rel}","templated":true}]}}