{"id":9670,"date":"2023-02-27T10:20:21","date_gmt":"2023-02-27T10:20:21","guid":{"rendered":"https:\/\/mbp.szczecin.pl\/?post_type=wydarzenia_01&#038;p=9670"},"modified":"2023-03-03T07:55:28","modified_gmt":"2023-03-03T07:55:28","slug":"generator-mysli-filozoficznej-dla-mlodziezy-6","status":"publish","type":"wydarzenia_01","link":"https:\/\/mbp.szczecin.pl\/wydarzenia_01\/generator-mysli-filozoficznej-dla-mlodziezy-6\/","title":{"rendered":"[Generator My\u015bli Filozoficznej dla m\u0142odzie\u017cy]"},"content":{"rendered":"\n<blockquote class=\"wp-block-quote\"><p><strong>8 marca (\u015broda)<\/strong> o godz. 17:00 zapraszamy do ProMedi\u00f3w (al. Wojska Polskiego 2) na spotkanie dyskusyjne wok\u00f3\u0142 filozofii.<\/p><\/blockquote>\n\n\n\n<p>Po co nam w\u0142adza?<br>Temat spotkania wydawa\u0107 si\u0119 mo\u017ce absurdalny, mo\u017ce wydawa\u0107 si\u0119 r\u00f3wnie\u017c zb\u0119dny, poniewa\u017c, jak sami wiemy, odpowied\u017a sama nasuwa si\u0119 na j\u0119zyk. <br>Czy aby na pewno?<\/p>\n\n\n\n<p>Organizatorem cyklu jest stowarzyszenie <strong>Generator My\u015bli Humanistycznej<\/strong>. Moderatorami spotka\u0144 s\u0105 Hubert Mo\u017cd\u017ce\u0144 oraz Pawe\u0142 Ko\u0142odzi\u0144ski.<\/p>\n","protected":false},"excerpt":{"rendered":"<div class=\"entry-summary\">\n8 marca (\u015broda) o godz. 17:00 zapraszamy do ProMedi\u00f3w (al. Wojska Polskiego 2) na spotkanie dyskusyjne wok\u00f3\u0142 filozofii. Po co nam w\u0142adza?Temat spotkania wydawa\u0107 si\u0119 mo\u017ce absurdalny, mo\u017ce wydawa\u0107 si\u0119 r\u00f3wnie\u017c zb\u0119dny, poniewa\u017c, jak sami wiemy, odpowied\u017a sama nasuwa si\u0119&hellip;\n<\/div>\n","protected":false},"featured_media":9760,"template":"","kategoria":[],"nr-filii-001":[178],"_links":{"self":[{"href":"https:\/\/mbp.szczecin.pl\/wp-json\/wp\/v2\/wydarzenia_01\/9670"}],"collection":[{"href":"https:\/\/mbp.szczecin.pl\/wp-json\/wp\/v2\/wydarzenia_01"}],"about":[{"href":"https:\/\/mbp.szczecin.pl\/wp-json\/wp\/v2\/types\/wydarzenia_01"}],"version-history":[{"count":1,"href":"https:\/\/mbp.szczecin.pl\/wp-json\/wp\/v2\/wydarzenia_01\/9670\/revisions"}],"predecessor-version":[{"id":9672,"href":"https:\/\/mbp.szczecin.pl\/wp-json\/wp\/v2\/wydarzenia_01\/9670\/revisions\/9672"}],"wp:featuredmedia":[{"embeddable":true,"href":"https:\/\/mbp.szczecin.pl\/wp-json\/wp\/v2\/media\/9760"}],"wp:attachment":[{"href":"https:\/\/mbp.szczecin.pl\/wp-json\/wp\/v2\/media?parent=9670"}],"wp:term":[{"taxonomy":"kategoria","embeddable":true,"href":"https:\/\/mbp.szczecin.pl\/wp-json\/wp\/v2\/kategoria?post=9670"},{"taxonomy":"nr-filii-001","embeddable":true,"href":"https:\/\/mbp.szczecin.pl\/wp-json\/wp\/v2\/nr-filii-001?post=9670"}],"curies":[{"name":"wp","href":"https:\/\/api.w.org\/{rel}","templated":true}]}}