{"id":9571,"date":"2023-02-13T13:53:29","date_gmt":"2023-02-13T13:53:29","guid":{"rendered":"https:\/\/mbp.szczecin.pl\/?post_type=wydarzenia_01&#038;p=9571"},"modified":"2023-02-13T13:53:30","modified_gmt":"2023-02-13T13:53:30","slug":"szczecinskie-spotkanie-z-azja","status":"publish","type":"wydarzenia_01","link":"https:\/\/mbp.szczecin.pl\/wydarzenia_01\/szczecinskie-spotkanie-z-azja\/","title":{"rendered":"Szczeci\u0144skie Spotkanie z Azj\u0105"},"content":{"rendered":"\n<blockquote class=\"wp-block-quote\"><p>Kolejne Szczeci\u0144skie Spotkanie z Azj\u0105 odb\u0119dzie si\u0119 <strong>25 lutego<\/strong> (sobota) o godz. 15:00 w ProMediach (al. Wojska Polskiego 2), <\/p><\/blockquote>\n\n\n\n<p>a dotyczy\u0107 b\u0119dzie ponownie wspomnie\u0144 z podr\u00f3\u017cy &#8211; tym razem do Japonii \ud83d\uddfe. Wspomnie\u0144 bardzo \u015bwie\u017cych oraz nieco starszych, zwi\u0105zanych z dwoma niezwyk\u0142ymi miejscami na mapie wysp japo\u0144skich.<\/p>\n\n\n\n<p>Organizatorem wydarzenia jest stowarzyszenie Szczeci\u0144ski Klub Azji.<\/p>\n\n\n\n<p>Beata opowie o Okinawie \ud83c\udfdd, najwi\u0119kszej z wysp archipelagu Riukiu, najbardziej na po\u0142udnie po\u0142o\u017conego obszaru Japonii, o do\u015b\u0107 odmiennym od g\u0142\u00f3wnych wysp klimacie i kulturze.<br>Marcin, natomiast, powspomina sw\u00f3j wyjazd do stolicy Kraju Kwitn\u0105cej Wi\u015bni, Tokio \ud83d\uddfc &#8211; metropolii, zadziwiaj\u0105cej od dawna ca\u0142y \u015bwiat.<\/p>\n\n\n\n<p>Udzia\u0142 w wydarzeniu jest bezp\u0142atny.<br>W przerwie mi\u0119dzy prelekcjami zapraszamy na degustacj\u0119 herbaty.<\/p>\n","protected":false},"excerpt":{"rendered":"<div class=\"entry-summary\">\nKolejne Szczeci\u0144skie Spotkanie z Azj\u0105 odb\u0119dzie si\u0119 25 lutego (sobota) o godz. 15:00 w ProMediach (al. Wojska Polskiego 2), a dotyczy\u0107 b\u0119dzie ponownie wspomnie\u0144 z podr\u00f3\u017cy &#8211; tym razem do Japonii \ud83d\uddfe. Wspomnie\u0144 bardzo \u015bwie\u017cych oraz nieco starszych, zwi\u0105zanych z&hellip;\n<\/div>\n","protected":false},"featured_media":9573,"template":"","kategoria":[],"nr-filii-001":[178],"_links":{"self":[{"href":"https:\/\/mbp.szczecin.pl\/wp-json\/wp\/v2\/wydarzenia_01\/9571"}],"collection":[{"href":"https:\/\/mbp.szczecin.pl\/wp-json\/wp\/v2\/wydarzenia_01"}],"about":[{"href":"https:\/\/mbp.szczecin.pl\/wp-json\/wp\/v2\/types\/wydarzenia_01"}],"version-history":[{"count":2,"href":"https:\/\/mbp.szczecin.pl\/wp-json\/wp\/v2\/wydarzenia_01\/9571\/revisions"}],"predecessor-version":[{"id":9575,"href":"https:\/\/mbp.szczecin.pl\/wp-json\/wp\/v2\/wydarzenia_01\/9571\/revisions\/9575"}],"wp:featuredmedia":[{"embeddable":true,"href":"https:\/\/mbp.szczecin.pl\/wp-json\/wp\/v2\/media\/9573"}],"wp:attachment":[{"href":"https:\/\/mbp.szczecin.pl\/wp-json\/wp\/v2\/media?parent=9571"}],"wp:term":[{"taxonomy":"kategoria","embeddable":true,"href":"https:\/\/mbp.szczecin.pl\/wp-json\/wp\/v2\/kategoria?post=9571"},{"taxonomy":"nr-filii-001","embeddable":true,"href":"https:\/\/mbp.szczecin.pl\/wp-json\/wp\/v2\/nr-filii-001?post=9571"}],"curies":[{"name":"wp","href":"https:\/\/api.w.org\/{rel}","templated":true}]}}