{"id":9406,"date":"2023-01-30T09:08:22","date_gmt":"2023-01-30T09:08:22","guid":{"rendered":"https:\/\/mbp.szczecin.pl\/?post_type=wydarzenia_01&#038;p=9406"},"modified":"2023-02-06T09:59:23","modified_gmt":"2023-02-06T09:59:23","slug":"sydonia-slowo-sie-rzeklo-spotkanie-z-elzbieta-cherezinska","status":"publish","type":"wydarzenia_01","link":"https:\/\/mbp.szczecin.pl\/wydarzenia_01\/sydonia-slowo-sie-rzeklo-spotkanie-z-elzbieta-cherezinska\/","title":{"rendered":"Sydonia. S\u0142owo si\u0119 rzek\u0142o. Spotkanie z El\u017cbiet\u0105 Cherezi\u0144sk\u0105"},"content":{"rendered":"\n<blockquote class=\"wp-block-quote\"><p><strong>21 lutego (wtorek)<\/strong> o godz. 18:00 w filii nr 7 (pl. Matki Teresy z Kalkuty 8) zapraszamy na wydarzenie niezwyk\u0142e. Nasz\u0105 go\u015bcini\u0105 b\u0119dzie El\u017cbieta Cherezi\u0144ska &#8211; pisarka i teatrolo\u017cka, a powodem do spotkania b\u0119dzie og\u00f3lnopolska premiera jej nowej powie\u015bci historycznej o Sydonii von Borck.<\/p><\/blockquote>\n\n\n\n<p>Rozmow\u0119 poprowadz\u0105 dr hab. prof. US Agnieszka Gut oraz Damian Chmiel. <br>Partnerem wydarzenia jest Wydawnictwo Zysk i S-ka.<\/p>\n\n\n\n<p>Udzia\u0142 w wydarzeniu oczywi\u015bcie jest bezp\u0142atny. Podczas spotkania b\u0119dzie mo\u017cna zakupi\u0107 najnowsz\u0105 ksi\u0105\u017ck\u0119 El\u017cbiety Cherezi\u0144skiej pt. \u201cSydonia. S\u0142owo si\u0119 rzek\u0142o\u201d.<\/p>\n\n\n\n<p><\/p>\n\n\n\n<figure class=\"wp-block-image size-large is-resized\"><img loading=\"lazy\" src=\"https:\/\/mbp.szczecin.pl\/wp-content\/uploads\/2023\/01\/sydonia__cherezinska_-_0038-1024x683.jpg\" alt=\"\" class=\"wp-image-9407\" width=\"569\" height=\"379\" srcset=\"https:\/\/mbp.szczecin.pl\/wp-content\/uploads\/2023\/01\/sydonia__cherezinska_-_0038-1024x683.jpg 1024w, https:\/\/mbp.szczecin.pl\/wp-content\/uploads\/2023\/01\/sydonia__cherezinska_-_0038-300x200.jpg 300w, https:\/\/mbp.szczecin.pl\/wp-content\/uploads\/2023\/01\/sydonia__cherezinska_-_0038-768x512.jpg 768w, https:\/\/mbp.szczecin.pl\/wp-content\/uploads\/2023\/01\/sydonia__cherezinska_-_0038-1536x1024.jpg 1536w, https:\/\/mbp.szczecin.pl\/wp-content\/uploads\/2023\/01\/sydonia__cherezinska_-_0038.jpg 1800w\" sizes=\"(max-width: 569px) 100vw, 569px\" \/><\/figure>\n\n\n\n<p><\/p>\n\n\n\n<p>Na prze\u0142omie XVI i XVII stulecia Ksi\u0119stwo Pomorskie prze\u017cywa\u0142o sw\u00f3j z\u0142oty wiek, a przez Europ\u0119 przetacza\u0142a si\u0119 fala polowa\u0144 na czarownice. Dotar\u0142a do Szczecina. Tam, w 1620 roku stracono Sydoni\u0119 von Bork. Jej procesem \u017cy\u0142o ca\u0142e Ksi\u0119stwo, bo oskar\u017cona nale\u017ca\u0142a do najstarszego szlacheckiego rodu Pomorza, a w\u015br\u00f3d stawianych jej zarzut\u00f3w znalaz\u0142 si\u0119 jeden szczeg\u00f3lny: u\u015bmiercenie panuj\u0105cego ksi\u0119cia. Broni\u0142a si\u0119 niemal rok. Odwo\u0142ywa\u0142a zeznania z\u0142o\u017cone podczas tortur. W ko\u0144cu przyzna\u0142a si\u0119 i zosta\u0142a stracona. Tyle \u017ce po jej \u015bmierci ksi\u0105\u017c\u0119ta z panuj\u0105cego rodu Gryfit\u00f3w zacz\u0119li umiera\u0107 jeden po drugim\u2026<br>(opis od Wydawcy)<\/p>\n\n\n\n<p>\u201cBy\u0142am nastolatk\u0105, gdy po raz pierwszy us\u0142ysza\u0142am wiersz Julio Cortazara \u201eStos na kt\u00f3rym\u201d. Oszala\u0142am na jego punkcie. Niedoko\u0144czone wersy rytmicznie wybrzmiewa\u0142y w mojej g\u0142owie. Po ponad dziesi\u0119ciu latach sama powiedzia\u0142am go na scenie. Zapewne wtedy zasia\u0142am w sobie potrzeb\u0119 m\u00f3wienia g\u0142osem czarownicy. W jakim\u015b sensie to \u201eStos na kt\u00f3rym\u201d ukszta\u0142towa\u0142 spos\u00f3b narracji, jaki przyj\u0119\u0142am w tej ksi\u0105\u017cce. Je\u015bli us\u0142yszycie go gdzie\u015b, mi\u0119dzy wersami \u201eSydonii\u201d, to b\u0119dzie m\u00f3j ho\u0142d dla tego wiersza\u2026\u201d<br>(El\u017cbieta Cherezi\u0144ska)<\/p>\n\n\n\n<p><\/p>\n\n\n\n<figure class=\"wp-block-image size-large is-resized\"><img loading=\"lazy\" src=\"https:\/\/mbp.szczecin.pl\/wp-content\/uploads\/2023\/01\/sydonia__cherezinska_-_0017-1024x682.jpg\" alt=\"\" class=\"wp-image-9408\" width=\"573\" height=\"381\" srcset=\"https:\/\/mbp.szczecin.pl\/wp-content\/uploads\/2023\/01\/sydonia__cherezinska_-_0017-1024x682.jpg 1024w, https:\/\/mbp.szczecin.pl\/wp-content\/uploads\/2023\/01\/sydonia__cherezinska_-_0017-300x200.jpg 300w, https:\/\/mbp.szczecin.pl\/wp-content\/uploads\/2023\/01\/sydonia__cherezinska_-_0017-768x512.jpg 768w, https:\/\/mbp.szczecin.pl\/wp-content\/uploads\/2023\/01\/sydonia__cherezinska_-_0017-1536x1024.jpg 1536w, https:\/\/mbp.szczecin.pl\/wp-content\/uploads\/2023\/01\/sydonia__cherezinska_-_0017.jpg 1568w\" sizes=\"(max-width: 573px) 100vw, 573px\" \/><\/figure>\n\n\n\n<p><\/p>\n","protected":false},"excerpt":{"rendered":"<div class=\"entry-summary\">\n21 lutego (wtorek) o godz. 18:00 w filii nr 7 (pl. Matki Teresy z Kalkuty 8) zapraszamy na wydarzenie niezwyk\u0142e. Nasz\u0105 go\u015bcini\u0105 b\u0119dzie El\u017cbieta Cherezi\u0144ska &#8211; pisarka i teatrolo\u017cka, a powodem do spotkania b\u0119dzie og\u00f3lnopolska premiera jej nowej powie\u015bci historycznej&hellip;\n<\/div>\n","protected":false},"featured_media":9409,"template":"","kategoria":[],"nr-filii-001":[176],"_links":{"self":[{"href":"https:\/\/mbp.szczecin.pl\/wp-json\/wp\/v2\/wydarzenia_01\/9406"}],"collection":[{"href":"https:\/\/mbp.szczecin.pl\/wp-json\/wp\/v2\/wydarzenia_01"}],"about":[{"href":"https:\/\/mbp.szczecin.pl\/wp-json\/wp\/v2\/types\/wydarzenia_01"}],"version-history":[{"count":4,"href":"https:\/\/mbp.szczecin.pl\/wp-json\/wp\/v2\/wydarzenia_01\/9406\/revisions"}],"predecessor-version":[{"id":9471,"href":"https:\/\/mbp.szczecin.pl\/wp-json\/wp\/v2\/wydarzenia_01\/9406\/revisions\/9471"}],"wp:featuredmedia":[{"embeddable":true,"href":"https:\/\/mbp.szczecin.pl\/wp-json\/wp\/v2\/media\/9409"}],"wp:attachment":[{"href":"https:\/\/mbp.szczecin.pl\/wp-json\/wp\/v2\/media?parent=9406"}],"wp:term":[{"taxonomy":"kategoria","embeddable":true,"href":"https:\/\/mbp.szczecin.pl\/wp-json\/wp\/v2\/kategoria?post=9406"},{"taxonomy":"nr-filii-001","embeddable":true,"href":"https:\/\/mbp.szczecin.pl\/wp-json\/wp\/v2\/nr-filii-001?post=9406"}],"curies":[{"name":"wp","href":"https:\/\/api.w.org\/{rel}","templated":true}]}}