{"id":9390,"date":"2023-01-30T08:18:08","date_gmt":"2023-01-30T08:18:08","guid":{"rendered":"https:\/\/mbp.szczecin.pl\/?post_type=wydarzenia_01&#038;p=9390"},"modified":"2023-02-22T14:01:33","modified_gmt":"2023-02-22T14:01:33","slug":"sila-kobiecej-opowiesci-warsztaty","status":"publish","type":"wydarzenia_01","link":"https:\/\/mbp.szczecin.pl\/wydarzenia_01\/sila-kobiecej-opowiesci-warsztaty\/","title":{"rendered":"Si\u0142a kobiecej opowie\u015bci [warsztaty]"},"content":{"rendered":"\n<blockquote class=\"wp-block-quote\"><p><strong>20 lutego (poniedzia\u0142ek)<\/strong> o godz. 17:00 zapraszamy do filii nr 7 (pl. Matki Teresy z Kalkuty 8) na pierwsze w cyklu czterech, warsztaty pisarskie skierowane do kobiet, prowadzone przez Beat\u0119 Zuzann\u0119 Borawsk\u0105.<\/p><\/blockquote>\n\n\n\n<p>Na warsztaty obowi\u0105zuj\u0105 zapisy mailowe: beata.zuzanna.borawska@gmail.com<\/p>\n\n\n\n<p>Punktem wyj\u015bcia do warsztat\u00f3w jest: szeroko poj\u0119ta kobieco\u015b\u0107, wsp\u00f3\u0142czesne spojrzenie na p\u0142e\u0107 kulturow\u0105 i nurt herstory w literaturze. Poszukamy odpowiedzi na pytania: Czym dzisiaj jest \u201eliteratura kobieca\u201d? Jakie znaczenie ma p\u0142e\u0107 w procesie pisania, postrzegania? Czy istnieje co\u015b takiego jak \u201ekobiecy j\u0119zyk\u201d? <\/p>\n\n\n\n<p>Literack\u0105 osi\u0105, wok\u00f3\u0142 kt\u00f3rej zostanie osadzona praca warsztatowa, b\u0119dzie ksi\u0105\u017cka pt. \u201eSama siebie nie pami\u0119tam\u201d: jej r\u00f3\u017cnorodna forma sk\u0142ania do wielowarstwowej analizy oraz refleksji wok\u00f3\u0142 tego co m.in. kobiece, stare, chore, dekonstruuj\u0105ce si\u0119. R\u00f3wnie\u017c w pracy warsztatowej wykorzystywane b\u0119d\u0105 fragmenty wypowiedzi os\u00f3b publicznych na temat kobiet, kt\u00f3re zestawiane b\u0119d\u0105 z fragmentami esej\u00f3w Rebekki Solnit (\u201eM\u0119\u017cczy\u017ani obja\u015bniaj\u0105 mi \u015bwiat\u201d, \u201eNadzieja w mroku\u201d, \u201eMatka wszystkich pyta\u0144\u201d), czy wierszem \u201ePortret kobiecy\u201d Wis\u0142awy Szymborskiej (2023 rokiem Wis\u0142awy Szymborskiej).<\/p>\n\n\n\n<p>Praca praktyczna b\u0119dzie polega\u0142a na tym, \u017ce ka\u017cda uczestniczka, napisze\/podejmie pr\u00f3b\u0119 napisania opowiadania z perspektywy kobiecej na podstawie wypowiedzi\/obserwacji innej uczestniczki, z kt\u00f3r\u0105 b\u0119dzie w parze podczas warsztat\u00f3w. Pracowa\u0107 b\u0119dziemy zar\u00f3wno w grupie, w parach oraz indywidualnie. Na indywidualne \u017cyczenie opowiadania zostan\u0105 opublikowane na YT w formie audiobooka czytanego g\u0142osem prowadz\u0105cej.<\/p>\n\n\n\n<p>Ka\u017cda uczestniczka dostanie teczk\u0119 z materia\u0142ami, gdzie b\u0119dzie mog\u0142a znale\u017a\u0107 m.in. informacje na temat podstaw budowy tekstu literackiego oraz takich poj\u0119\u0107 jak metafora, por\u00f3wnanie, synonim, wst\u0119p, rozwini\u0119cie, zako\u0144czenie, puenta, bohaterka, \u015bwiat przedstawiony. Podczas zaj\u0119\u0107 praktycznych wykorzystywa\u0107 b\u0119dziemy elementy ta\u0144ca\/ruchu, \u0107wiczenia relaksacyjne, krzyk, szept, \u015bpiew, prac\u0119 z lusterkiem.<\/p>\n\n\n\n<p><strong>Drugie warsztaty w cyklu odb\u0119d\u0105 si\u0119 27 lutego (poniedzia\u0142ek), r\u00f3wnie\u017c o godz. 17:00.<\/strong><\/p>\n\n\n\n<p>BEATA ZUZANNA BORAWSKA \u2013 autorka ksi\u0105\u017cki Sama siebie nie pami\u0119tam (Wydawnictwo Granda, premiera 2021 r.), opowiadania Tajemnice barci w Sny umar\u0142ych. Polski rocznik weird fiction. 2021 (Wydawnictwo Phantom Books Horror, premiera 2022 r.), opowiadania Syrenie stawy w Bizarny Szczecin (Wydawnictwo Granda, premiera 2022 r.). Od ponad dziesi\u0119ciu lat zwi\u0105zana z kultur\u0105 jako: dziennikarka, animatorka kultury, wydawczyni p\u0142yt z muzyk\u0105 jazzow\u0105.<\/p>\n\n\n\n<p>Wydarzenie jest dofinansowane z bud\u017cetu Miasta Szczecin w ramach Mecenatu Kulturalnego Miasta Szczecin.<\/p>\n","protected":false},"excerpt":{"rendered":"<div class=\"entry-summary\">\n20 lutego (poniedzia\u0142ek) o godz. 17:00 zapraszamy do filii nr 7 (pl. Matki Teresy z Kalkuty 8) na pierwsze w cyklu czterech, warsztaty pisarskie skierowane do kobiet, prowadzone przez Beat\u0119 Zuzann\u0119 Borawsk\u0105. Na warsztaty obowi\u0105zuj\u0105 zapisy mailowe: beata.zuzanna.borawska@gmail.com Punktem wyj\u015bcia&hellip;\n<\/div>\n","protected":false},"featured_media":9412,"template":"","kategoria":[],"nr-filii-001":[176],"_links":{"self":[{"href":"https:\/\/mbp.szczecin.pl\/wp-json\/wp\/v2\/wydarzenia_01\/9390"}],"collection":[{"href":"https:\/\/mbp.szczecin.pl\/wp-json\/wp\/v2\/wydarzenia_01"}],"about":[{"href":"https:\/\/mbp.szczecin.pl\/wp-json\/wp\/v2\/types\/wydarzenia_01"}],"version-history":[{"count":4,"href":"https:\/\/mbp.szczecin.pl\/wp-json\/wp\/v2\/wydarzenia_01\/9390\/revisions"}],"predecessor-version":[{"id":9624,"href":"https:\/\/mbp.szczecin.pl\/wp-json\/wp\/v2\/wydarzenia_01\/9390\/revisions\/9624"}],"wp:featuredmedia":[{"embeddable":true,"href":"https:\/\/mbp.szczecin.pl\/wp-json\/wp\/v2\/media\/9412"}],"wp:attachment":[{"href":"https:\/\/mbp.szczecin.pl\/wp-json\/wp\/v2\/media?parent=9390"}],"wp:term":[{"taxonomy":"kategoria","embeddable":true,"href":"https:\/\/mbp.szczecin.pl\/wp-json\/wp\/v2\/kategoria?post=9390"},{"taxonomy":"nr-filii-001","embeddable":true,"href":"https:\/\/mbp.szczecin.pl\/wp-json\/wp\/v2\/nr-filii-001?post=9390"}],"curies":[{"name":"wp","href":"https:\/\/api.w.org\/{rel}","templated":true}]}}