{"id":9343,"date":"2023-01-25T10:40:13","date_gmt":"2023-01-25T10:40:13","guid":{"rendered":"https:\/\/mbp.szczecin.pl\/?post_type=wydarzenia_01&#038;p=9343"},"modified":"2023-02-10T13:13:11","modified_gmt":"2023-02-10T13:13:11","slug":"sama-siebie-nie-pamietam-spotkanie-z-beata-zuzanna-borawska","status":"publish","type":"wydarzenia_01","link":"https:\/\/mbp.szczecin.pl\/wydarzenia_01\/sama-siebie-nie-pamietam-spotkanie-z-beata-zuzanna-borawska\/","title":{"rendered":"Sama siebie nie pami\u0119tam. Spotkanie z Beat\u0105 Zuzann\u0105 Borawsk\u0105"},"content":{"rendered":"\n<blockquote class=\"wp-block-quote\"><p>6 lutego (poniedzia\u0142ek) o godz. 18:00 zapraszamy do filii nr 7 (pl. Matki Teresy z Kalkuty 8) na spotkanie autorskie z Beat\u0105 Zuzann\u0105 Borawsk\u0105, przy okazji premiery jej najnowszej ksi\u0105\u017cki. Fragmenty opowiada\u0144 oraz wierszy go\u015bcini, przeczyta Olga Adamska &#8211; aktorka Teatru Polskiego w Szczecinie.<\/p><\/blockquote>\n\n\n\n<p>Udzia\u0142 w wydarzeniu jest bezp\u0142atny. Podczas spotkania b\u0119dzie mo\u017cna zakupi\u0107 egzemplarz ksi\u0105\u017cki \u201cSama siebie nie pami\u0119tam\u201d.<\/p>\n\n\n\n<p>Wydarzenie jest realizowane w ramach Mecenatu Kulturalnego Miasta Szczecin. Stanowi tak\u017ce wst\u0119p do warsztat\u00f3w spo\u0142ecznych, zaplanowanych na luty i marzec.<br>Cykl &#8222;Szczecin Literacki&#8221;.<\/p>\n\n\n\n<p>\u201eSama siebie nie pami\u0119tam\u201d to debiut literacki Beaty Zuzanny Borawskiej. Porusza ona w spos\u00f3b poetycki i artystyczny fundamentalne dzi\u015b tematy \u2013 chorob\u0119 i opiek\u0119 nad osob\u0105 zale\u017cn\u0105, oraz pami\u0119\u0107: t\u0119 utracon\u0105 i t\u0119 \u017cyw\u0105. Ksi\u0105\u017cka zawiera opowiadania, kartki z dziennika, wiersze oraz kola\u017ce. Opowiadania, kt\u00f3re cz\u0119sto przybieraj\u0105 kszta\u0142t pr\u00f3z poetyckich, wspomnie\u0144, podkre\u015blaj\u0105 podzia\u0142y na to, co m\u0119skie i kobiece, zwracaj\u0105 uwag\u0119 na cielesno\u015b\u0107, a przede wszystkim pami\u0119\u0107 cia\u0142a. Natomiast kartki z dziennika to ju\u017c wielomiesi\u0119czny, fragmentaryczny zapis zmaga\u0144 z Alzheimerem, kt\u00f3re nie pozbawione s\u0105 trudnych prze\u017cy\u0107, przykrych niespodzianek losu, jak i humoru. Z kolei poezja to g\u0142\u00f3wnie \u201eg\u0142os Chorej\u201d.<br>(opis od Wydawcy)<\/p>\n\n\n\n<p>\u201cZuzanna Beata Borawska zapisuje \u017cycie z osob\u0105 choruj\u0105c\u0105, trac\u0105c\u0105 pami\u0119\u0107. Czyni to z dw\u00f3ch poziom\u00f3w: codzienno\u015bci oraz teorii. Codzienno\u015b\u0107 to zdziwienia, styki, fragmenty, swoiste pog\u0142osy narracji niemog\u0105cych si\u0119 spotka\u0107. Zanikaj\u0105ca komunikacja jest jedyn\u0105, kt\u00f3r\u0105 mo\u017cna zaobserwowa\u0107. Opowiadaj\u0105ca tworzy jednocze\u015bnie zapis w\u0142asnej obserwacji \u017cycia oraz refleksji na temat kobieco\u015bci. Oscylowanie pomi\u0119dzy tym, co mo\u017cna zg\u0142\u0119bi\u0107, a tym, co widoczne, lecz nieprzeniknione, tworzy kola\u017ce. Tekstowe i wizualne, w\u0142\u0105czone do ksi\u0105\u017cki.\u201d<br>(Inga Iwasi\u00f3w)<\/p>\n\n\n\n<p><strong>Beata Zuzanna Borawska<\/strong> \u2013 autorka ksi\u0105\u017cki \u201cSama siebie nie pami\u0119tam\u201d (Wydawnictwo Granda, premiera 2021 r.), opowiadania \u201cTajemnice barci w Sny umar\u0142ych\u201d. \u201cPolski rocznik weird fiction. 2021\u201d (Wydawnictwo Phantom Books Horror, premiera 2022 r.), opowiadania \u201cSyrenie stawy\u201d w zbiorze \u201cBizarny Szczecin\u201d (Wydawnictwo Granda, premiera 2022 r.).<br>Od ponad dziesi\u0119ciu lat zwi\u0105zana z kultur\u0105 jako: dziennikarka, animatorka kultury, wydawczyni p\u0142yt z muzyk\u0105 jazzow\u0105.<\/p>\n\n\n\n<p><strong>Olga Adamska<\/strong> &#8211; aktorka teatralna. W dorobku ma ponad 60 r\u00f3l dramatycznych i komediowych, recitale i monodramy. Ulubienica szczeci\u0144skiej publiczno\u015bci. Inspiracji szuka w literaturze. Brzeg morza to jej ulubiony krajobraz.<\/p>\n","protected":false},"excerpt":{"rendered":"<div class=\"entry-summary\">\n6 lutego (poniedzia\u0142ek) o godz. 18:00 zapraszamy do filii nr 7 (pl. Matki Teresy z Kalkuty 8) na spotkanie autorskie z Beat\u0105 Zuzann\u0105 Borawsk\u0105, przy okazji premiery jej najnowszej ksi\u0105\u017cki. Fragmenty opowiada\u0144 oraz wierszy go\u015bcini, przeczyta Olga Adamska &#8211; aktorka&hellip;\n<\/div>\n","protected":false},"featured_media":9344,"template":"","kategoria":[],"nr-filii-001":[176],"_links":{"self":[{"href":"https:\/\/mbp.szczecin.pl\/wp-json\/wp\/v2\/wydarzenia_01\/9343"}],"collection":[{"href":"https:\/\/mbp.szczecin.pl\/wp-json\/wp\/v2\/wydarzenia_01"}],"about":[{"href":"https:\/\/mbp.szczecin.pl\/wp-json\/wp\/v2\/types\/wydarzenia_01"}],"version-history":[{"count":3,"href":"https:\/\/mbp.szczecin.pl\/wp-json\/wp\/v2\/wydarzenia_01\/9343\/revisions"}],"predecessor-version":[{"id":9560,"href":"https:\/\/mbp.szczecin.pl\/wp-json\/wp\/v2\/wydarzenia_01\/9343\/revisions\/9560"}],"wp:featuredmedia":[{"embeddable":true,"href":"https:\/\/mbp.szczecin.pl\/wp-json\/wp\/v2\/media\/9344"}],"wp:attachment":[{"href":"https:\/\/mbp.szczecin.pl\/wp-json\/wp\/v2\/media?parent=9343"}],"wp:term":[{"taxonomy":"kategoria","embeddable":true,"href":"https:\/\/mbp.szczecin.pl\/wp-json\/wp\/v2\/kategoria?post=9343"},{"taxonomy":"nr-filii-001","embeddable":true,"href":"https:\/\/mbp.szczecin.pl\/wp-json\/wp\/v2\/nr-filii-001?post=9343"}],"curies":[{"name":"wp","href":"https:\/\/api.w.org\/{rel}","templated":true}]}}